{"id":15357,"date":"2015-05-28T09:30:04","date_gmt":"2015-05-28T09:30:04","guid":{"rendered":"http:\/\/demo.qodeinteractive.com\/bridge121\/?page_id=15357"},"modified":"2015-05-28T09:30:04","modified_gmt":"2015-05-28T09:30:04","slug":"semaine-de-lecologie","status":"publish","type":"page","link":"https:\/\/sites.lfb.es\/atelier-ecologie\/semaine-de-lecologie\/","title":{"rendered":"Semaine de l&rsquo;\u00e9cologie"},"content":{"rendered":"\n<p>[vc_column][vc_column_text]<\/p>\n\n\n\n<h5 style=\"text-align: center\">Prochaine \u00e9dition : 15-19 JUIN 2020<\/h5>\n\n\n\n<figure class=\"wp-block-audio aligncenter\"><audio controls src=\"http:\/\/www.lfb.es\/atelier-ecologie\/wp-content\/uploads\/2020\/06\/SSEE2020.mp3\"><\/audio><\/figure>\n\n\n\n<p>&nbsp;<\/p>\n\n\n<p style=\"text-align: center\"><a href=\"http:\/\/www.lfb.es\/atelier-ecologie\/wp-content\/uploads\/2020\/06\/Copie-de-SEMAINE-DE-8.pdf\">Planning des activit\u00e9s<\/a><\/p>\n<p style=\"text-align: center\"><a href=\"http:\/\/www.lfb.es\/atelier-ecologie\/wp-content\/uploads\/2020\/06\/Copie-de-D\u00e9fis-de-la-Semaine-de-l\u00e9cologie-A4.pdf\">Les d\u00e9fis de la semaine\u00a0<\/a><\/p>\n<p style=\"text-align: center\"><a href=\"http:\/\/www.lfb.es\/atelier-ecologie\/wp-content\/uploads\/2020\/05\/affiche-se-concours-2020.jpg\">Concours propos\u00e9s : photo, affiche, memes<\/a><\/p>\n<p style=\"text-align: center\"><a href=\"http:\/\/www.lfb.es\/atelier-ecologie\/wp-content\/uploads\/2020\/06\/Je-mengage-pour-lenvironnement-1.pdf\">Les conf\u00e9rences\u00a0<\/a><\/p>\n<p>\u00a0<\/p>\n<h5 style=\"text-align: center\">1\u00e8re \u00e9dition :9-13 avril 2018<\/h5>\n<p style=\"text-align: center\">[\/vc_column_text][vc_separator type=\u00a0\u00bbtransparent\u00a0\u00bb up=\u00a0\u00bb23&Prime;][vc_column_text]<\/p>\n<p style=\"text-align: center\"><a href=\"http:\/\/lycefranaisdebarcelone.createsend1.com\/t\/ViewEmail\/i\/8817F54C951A83672540EF23F30FEDED\">Animations, actions, activit\u00e9s, sensibilisation.<\/a><\/p>\n<p style=\"text-align: center\">(Newsletter sp\u00e9ciale du 13 avril 2018)<\/p>\n<p style=\"text-align: center\">[\/vc_column_text][vc_separator type=\u00a0\u00bbtransparent\u00a0\u00bb up=\u00a0\u00bb28&Prime;][\/vc_column][vc_column width=\u00a0\u00bb1\/2&Prime;][vc_column_text]<\/p>\n<h5>\u00a0<\/h5>\n<h5 style=\"text-align: center\">2\u00e8me \u00e9dition : 8-12 avril 2019<\/h5>\n<p style=\"text-align: center\">[\/vc_column_text][vc_separator type=\u00a0\u00bbtransparent\u00a0\u00bb up=\u00a0\u00bb23&Prime;][vc_column_text]<\/p>\n<p style=\"text-align: center\"><a href=\"https:\/\/lycefranaisdebarcelone.cmail19.com\/t\/ViewEmail\/i\/1C35C869502116602540EF23F30FEDED\/A3B80A71FA469186A7F290B8E8FDC6A0\">Conf\u00e9rences, actions de sensibilisation, activit\u00e9s, concours\u00a0<\/a><\/p>\n<p style=\"text-align: center\">(Newsletter sp\u00e9ciale du 12 avril 2019)<\/p>\n<p style=\"text-align: center\">\u00a0<\/p>","protected":false},"excerpt":{"rendered":"<p>[vc_column][vc_column_text] Prochaine \u00e9dition : 15-19 JUIN 2020 &nbsp; Planning des activit\u00e9s Les d\u00e9fis de la semaine\u00a0 Concours propos\u00e9s : photo, affiche, memes Les conf\u00e9rences\u00a0 \u00a0 1\u00e8re \u00e9dition :9-13 avril 2018 [\/vc_column_text][vc_separator type=\u00a0\u00bbtransparent\u00a0\u00bb up=\u00a0\u00bb23&Prime;][vc_column_text] Animations, actions, activit\u00e9s, sensibilisation. (Newsletter sp\u00e9ciale du 13 avril 2018) [\/vc_column_text][vc_separator type=\u00a0\u00bbtransparent\u00a0\u00bb&#8230;<\/p>\n","protected":false},"author":2,"featured_media":0,"parent":0,"menu_order":0,"comment_status":"open","ping_status":"open","template":"full_width.php","meta":[],"_links":{"self":[{"href":"https:\/\/sites.lfb.es\/atelier-ecologie\/wp-json\/wp\/v2\/pages\/15357"}],"collection":[{"href":"https:\/\/sites.lfb.es\/atelier-ecologie\/wp-json\/wp\/v2\/pages"}],"about":[{"href":"https:\/\/sites.lfb.es\/atelier-ecologie\/wp-json\/wp\/v2\/types\/page"}],"author":[{"embeddable":true,"href":"https:\/\/sites.lfb.es\/atelier-ecologie\/wp-json\/wp\/v2\/users\/2"}],"replies":[{"embeddable":true,"href":"https:\/\/sites.lfb.es\/atelier-ecologie\/wp-json\/wp\/v2\/comments?post=15357"}],"version-history":[{"count":0,"href":"https:\/\/sites.lfb.es\/atelier-ecologie\/wp-json\/wp\/v2\/pages\/15357\/revisions"}],"wp:attachment":[{"href":"https:\/\/sites.lfb.es\/atelier-ecologie\/wp-json\/wp\/v2\/media?parent=15357"}],"curies":[{"name":"wp","href":"https:\/\/api.w.org\/{rel}","templated":true}]}}